{"id":1207,"date":"2022-08-04T08:38:04","date_gmt":"2022-08-04T08:38:04","guid":{"rendered":"https:\/\/www.wernersiebert.de\/?page_id=1207"},"modified":"2023-07-21T06:55:33","modified_gmt":"2023-07-21T06:55:33","slug":"impromucke","status":"publish","type":"page","link":"https:\/\/www.wernersiebert.de\/?page_id=1207","title":{"rendered":"Impromucke"},"content":{"rendered":"\t\t<div data-elementor-type=\"wp-page\" data-elementor-id=\"1207\" class=\"elementor elementor-1207\">\n\t\t\t\t\t\t<section class=\"elementor-section elementor-top-section elementor-element elementor-element-dc350e2 elementor-section-boxed elementor-section-height-default elementor-section-height-default\" data-id=\"dc350e2\" data-element_type=\"section\" data-e-type=\"section\">\n\t\t\t\t\t\t<div class=\"elementor-container elementor-column-gap-default\">\n\t\t\t\t\t<div class=\"elementor-column elementor-col-100 elementor-top-column elementor-element elementor-element-59ab67a\" data-id=\"59ab67a\" data-element_type=\"column\" data-e-type=\"column\">\n\t\t\t<div class=\"elementor-widget-wrap elementor-element-populated\">\n\t\t\t\t\t\t<div class=\"elementor-element elementor-element-f4f8361 elementor-widget elementor-widget-heading\" data-id=\"f4f8361\" data-element_type=\"widget\" data-e-type=\"widget\" data-widget_type=\"heading.default\">\n\t\t\t\t<div class=\"elementor-widget-container\">\n\t\t\t\t\t<h3 class=\"elementor-heading-title elementor-size-default\">Impromucke<\/h3>\t\t\t\t<\/div>\n\t\t\t\t<\/div>\n\t\t\t\t\t<\/div>\n\t\t<\/div>\n\t\t\t\t\t<\/div>\n\t\t<\/section>\n\t\t\t\t<section class=\"elementor-section elementor-top-section elementor-element elementor-element-233c141 elementor-section-boxed elementor-section-height-default elementor-section-height-default\" data-id=\"233c141\" data-element_type=\"section\" data-e-type=\"section\">\n\t\t\t\t\t\t<div class=\"elementor-container elementor-column-gap-default\">\n\t\t\t\t\t<div class=\"elementor-column elementor-col-50 elementor-top-column elementor-element elementor-element-b9b3fc3\" data-id=\"b9b3fc3\" data-element_type=\"column\" data-e-type=\"column\">\n\t\t\t<div class=\"elementor-widget-wrap elementor-element-populated\">\n\t\t\t\t\t\t<div class=\"elementor-element elementor-element-7ae33b3 elementor-widget elementor-widget-text-editor\" data-id=\"7ae33b3\" data-element_type=\"widget\" data-e-type=\"widget\" data-widget_type=\"text-editor.default\">\n\t\t\t\t<div class=\"elementor-widget-container\">\n\t\t\t\t\t\t\t\t\t<p><span style=\"font-size: inherit; text-align: inherit; font-family: var(--fontFamily); font-style: var(--fontStyle, inherit); letter-spacing: var(--letterSpacing); text-transform: var(--textTransform); text-decoration: var(--textDecoration); caret-color: #ff6600;\"><span style=\"color: #ff6600;\"><b>Kyll\u00e4\u00e4 Kannattaa<br \/><\/b><\/span><\/span><span style=\"color: #1c541c; font-size: inherit; text-align: inherit; font-family: var(--fontFamily); font-style: var(--fontStyle, inherit); letter-spacing: var(--letterSpacing); text-transform: var(--textTransform); text-decoration: var(--textDecoration);\">Alle Finn:Innen wissen: Am Ende ein a zuviel. Aber das ist ehmt Kunstfreiheit! Kyll\u00e4\u00e4 Kannattaa = Es Lohnt Sich!<\/span><\/p><p>Ins Leben gerufen anno 2006,\u00a0sch\u00f6pfte die Band einen Erlebensraum gemeinsamer Schwingungen, Reibungen, Momente, ja, bildete das Zentrum eines intersubjektiven Orga(ni)smus in der Brandung der Performance.\u00a0Nix verkopfter Free Jazz, der Geh\u00f6rg\u00e4nge \u00a0ver\u00f6det.<\/p><p>Aus dem Leben geschieden nach dem letzten, gefeierten Auftritt in Ur-Besetzung beim Regensburger Jazzweekend 2019. Gr\u00fcndungsmitglied, mein Jazz-Mentor und engster Freund seit Ende der 80er Stephan Richter, Gitarre, starb am 10. April 22, pl\u00f6tzlich, unfassbar. Die Band hatte gerade begonnen, ihren nachcoron\u00f6sen Wiederanfang vorzubereiten. Ohne Stephan, das war uns sofort klar, geht es nicht weiter, h\u00f6chstens anders. Es hat sich gelohnt. Unvergessen.<br \/>Juli 2023: Die vier \u00dcberlebenden haben sich getroffen, gespielt und sind entschlossen, weiterzumachen, als Quartett mit zwei Bl\u00e4sern, Bass\/Gitarre und Schlagzeug.\u00a0<\/p><p>Hier nun ein paar Videos der Band bzw. ihrer Musik. Auch die anderen Projekte sind des Anklickens wert, alle mit Stephan.<\/p><p>Hier geht es zur Bandseite mit Fotos, Videos und Textgeschwurbel: <br \/><a href=\"https:\/\/intersubjective.wernersiebert.de\/Kyllaa_Kannattaa_is_intersubjective\/Home.html\" target=\"_blank\" rel=\"noopener\">Kyll\u00e4\u00e4 Kannattaa<\/a><\/p><p>Nervig: Seit neuestem spielt Youtube auch vor solcherma\u00dfen obskuren Videos Werbung ab. Das kann ich leider nicht verhindern, ich verdiene damit auch nichts, fucking Google schon.<\/p>\t\t\t\t\t\t\t\t<\/div>\n\t\t\t\t<\/div>\n\t\t\t\t<div class=\"elementor-element elementor-element-b6418ba elementor-widget-divider--view-line elementor-widget elementor-widget-divider\" data-id=\"b6418ba\" data-element_type=\"widget\" data-e-type=\"widget\" data-widget_type=\"divider.default\">\n\t\t\t\t<div class=\"elementor-widget-container\">\n\t\t\t\t\t\t\t<div class=\"elementor-divider\">\n\t\t\t<span class=\"elementor-divider-separator\">\n\t\t\t\t\t\t<\/span>\n\t\t<\/div>\n\t\t\t\t\t\t<\/div>\n\t\t\t\t<\/div>\n\t\t\t\t<div class=\"elementor-element elementor-element-860d66a elementor-widget elementor-widget-text-editor\" data-id=\"860d66a\" data-element_type=\"widget\" data-e-type=\"widget\" data-widget_type=\"text-editor.default\">\n\t\t\t\t<div class=\"elementor-widget-container\">\n\t\t\t\t\t\t\t\t\t<p><span style=\"font-family: var(--fontFamily); font-size: inherit; font-style: var(--fontStyle, inherit); letter-spacing: var(--letterSpacing); text-align: inherit; text-transform: var(--textTransform); text-decoration: var(--textDecoration); caret-color: #ff6600;\"><span style=\"color: #ff6600;\"><b>Otto Schmeinfecker Soul Explosion<br \/><\/b><\/span><\/span><span style=\"color: #1c541c; font-family: var(--fontFamily); font-size: inherit; font-style: var(--fontStyle, inherit); letter-spacing: var(--letterSpacing); text-align: inherit; text-transform: var(--textTransform); text-decoration: var(--textDecoration);\">Harder Core Impro on a larger scale: Keimzelle sp\u00e4terer Kollaborationen in Gro\u00dfbesetzung\u00a0<\/span><\/p><p>Nach mancherlei &#8222;\u00dcbungs&#8220;session kulminierte der Impro-Drang beim bekannten Festival 1993 im Regensburger Leeren Beutel. Inklusive Moderator, dem ber\u00fcchtigten Jago von der Sprintzen\u00f6d, seines Zeichens Kulturdezernent. Als Kulturanthropologe\u00a0<em>die<\/em> Koryph\u00e4e in der Forschung zu Otto Schmeinfecker<\/p><p>Lineup:<br \/>Jago von der Sprintzen\u00f6d (<a href=\"http:\/\/www.agentur-unitone.de\/Schauspieler\/Rainer-Haustein\/\" target=\"_blank\" rel=\"noopener\">Rainer Haustein<\/a>) |\u00a0Roland HH Biswurm dr voc poetry |\u00a0Gero Kempf b |\u00a0Michael Heilrath b |\u00a0J\u00fcrgen S\u00f6der g |\u00a0Stephan Richter git \u00a0Moog cl\u00a0| Daniel Ensslen tp |\u00a0Werner Siebert sax<\/p><p>Audio des Auftritts hier:<br \/><a href=\"https:\/\/youtu.be\/wvlCbtKy0MI\" target=\"_blank\" rel=\"noopener\">Part 1<\/a> | <a href=\"https:\/\/youtu.be\/P7zwDyH-8h8\" target=\"_blank\" rel=\"noopener\">Part 2<\/a> | <a href=\"https:\/\/youtu.be\/StKSuzvujoo\" target=\"_blank\" rel=\"noopener\">Part 3<\/a> | <a href=\"https:\/\/youtu.be\/kWqqAOHY8TM\" target=\"_blank\" rel=\"noopener\">Part 4<\/a> | <a href=\"https:\/\/youtu.be\/lKybxHHx3ps\" target=\"_blank\" rel=\"noopener\">Part 5<\/a> | <a href=\"https:\/\/youtu.be\/Oj8eGR2awMQ\" target=\"_blank\" rel=\"noopener\">Part 6<\/a> | <a href=\"https:\/\/youtu.be\/S0JZXgUJU6A\" target=\"_blank\" rel=\"noopener\">Part 7<\/a> | <a href=\"https:\/\/youtu.be\/JarTmlVbBnA\" target=\"_blank\" rel=\"noopener\">Part 8<\/a> | <a href=\"https:\/\/youtu.be\/_mqtQaDI0S4\" target=\"_blank\" rel=\"noopener\">Part 9<\/a> | <a href=\"https:\/\/youtu.be\/F7vPQKUIKkk\" target=\"_blank\" rel=\"noopener\">Part 10<\/a> |\u00a0<\/p>\t\t\t\t\t\t\t\t<\/div>\n\t\t\t\t<\/div>\n\t\t\t\t<div class=\"elementor-element elementor-element-76c2988 elementor-widget-divider--view-line elementor-widget elementor-widget-divider\" data-id=\"76c2988\" data-element_type=\"widget\" data-e-type=\"widget\" data-widget_type=\"divider.default\">\n\t\t\t\t<div class=\"elementor-widget-container\">\n\t\t\t\t\t\t\t<div class=\"elementor-divider\">\n\t\t\t<span class=\"elementor-divider-separator\">\n\t\t\t\t\t\t<\/span>\n\t\t<\/div>\n\t\t\t\t\t\t<\/div>\n\t\t\t\t<\/div>\n\t\t\t\t\t<\/div>\n\t\t<\/div>\n\t\t\t\t<div class=\"elementor-column elementor-col-50 elementor-top-column elementor-element elementor-element-9c031d5\" data-id=\"9c031d5\" data-element_type=\"column\" data-e-type=\"column\">\n\t\t\t<div class=\"elementor-widget-wrap elementor-element-populated\">\n\t\t\t\t\t\t<div class=\"elementor-element elementor-element-8cda4fc elementor-widget elementor-widget-text-editor\" data-id=\"8cda4fc\" data-element_type=\"widget\" data-e-type=\"widget\" data-widget_type=\"text-editor.default\">\n\t\t\t\t<div class=\"elementor-widget-container\">\n\t\t\t\t\t\t\t\t\t<p><em><strong>Kyll\u00e4\u00e4 Kannatta<\/strong> Regensburg 2019, live im Degginger. Die erste Minute nur Vorspann (mit Mucke nat\u00fcrlich), weil ich vergessen hatte, die Kamera einzuschalten&#8230; Stephan Richter git | Gero Kempf b | Axel Kroell dr | Werner Siebert sax<\/em><\/p>\t\t\t\t\t\t\t\t<\/div>\n\t\t\t\t<\/div>\n\t\t\t\t<div class=\"elementor-element elementor-element-548a388 elementor-widget elementor-widget-video\" data-id=\"548a388\" data-element_type=\"widget\" data-e-type=\"widget\" data-settings=\"{&quot;youtube_url&quot;:&quot;https:\\\/\\\/youtu.be\\\/iZgs2BALmUg&quot;,&quot;yt_privacy&quot;:&quot;yes&quot;,&quot;video_type&quot;:&quot;youtube&quot;,&quot;controls&quot;:&quot;yes&quot;}\" data-widget_type=\"video.default\">\n\t\t\t\t<div class=\"elementor-widget-container\">\n\t\t\t\t\t\t\t<div class=\"elementor-wrapper elementor-open-inline\">\n\t\t\t<div class=\"elementor-video\"><\/div>\t\t<\/div>\n\t\t\t\t\t\t<\/div>\n\t\t\t\t<\/div>\n\t\t\t\t<div class=\"elementor-element elementor-element-7494481 elementor-widget elementor-widget-text-editor\" data-id=\"7494481\" data-element_type=\"widget\" data-e-type=\"widget\" data-widget_type=\"text-editor.default\">\n\t\t\t\t<div class=\"elementor-widget-container\">\n\t\t\t\t\t\t\t\t\t<p><em>The beginnings: Neben Kyll\u00e4\u00e4 war <strong>CECH<\/strong> meine Lieblingsformation, die ihren ersten Auftritt leider nicht \u00fcberlebt hat. Was nicht an diesem lag, denn nach intensiven 25 Minuten (das war der Timeslot bei diesem Nachwuchsfestival im M\u00fcnchner Gasteig) gab&#8217;s Ovationen vom \u00fcberraschten Publikum. Markus Niederges\u00e4ss p | Werner Siebert sax perc | Stephan Richter cl perc<\/em><\/p>\t\t\t\t\t\t\t\t<\/div>\n\t\t\t\t<\/div>\n\t\t\t\t<div class=\"elementor-element elementor-element-8cf6e54 elementor-widget elementor-widget-video\" data-id=\"8cf6e54\" data-element_type=\"widget\" data-e-type=\"widget\" data-settings=\"{&quot;youtube_url&quot;:&quot;https:\\\/\\\/youtu.be\\\/XGmBANF21Ck&quot;,&quot;yt_privacy&quot;:&quot;yes&quot;,&quot;video_type&quot;:&quot;youtube&quot;,&quot;controls&quot;:&quot;yes&quot;}\" data-widget_type=\"video.default\">\n\t\t\t\t<div class=\"elementor-widget-container\">\n\t\t\t\t\t\t\t<div class=\"elementor-wrapper elementor-open-inline\">\n\t\t\t<div class=\"elementor-video\"><\/div>\t\t<\/div>\n\t\t\t\t\t\t<\/div>\n\t\t\t\t<\/div>\n\t\t\t\t<div class=\"elementor-element elementor-element-aa50ea9 elementor-widget elementor-widget-text-editor\" data-id=\"aa50ea9\" data-element_type=\"widget\" data-e-type=\"widget\" data-widget_type=\"text-editor.default\">\n\t\t\t\t<div class=\"elementor-widget-container\">\n\t\t\t\t\t\t\t\t\t<p><strong><em>Cosmic Fringe<\/em><\/strong><em>, das bislang j\u00fcngste Projekt, hier in der M\u00fcnchner Glockenbachwerkstatt. Matthias Schmidt dr | Werner Siebert Sax | Stephan Richter git | Bruno Kuhlmann git \/ Gavin Hicks b<\/em><\/p>\t\t\t\t\t\t\t\t<\/div>\n\t\t\t\t<\/div>\n\t\t\t\t<div class=\"elementor-element elementor-element-722f053 elementor-widget elementor-widget-video\" data-id=\"722f053\" data-element_type=\"widget\" data-e-type=\"widget\" data-settings=\"{&quot;youtube_url&quot;:&quot;https:\\\/\\\/youtu.be\\\/-EZIBykiCpM&quot;,&quot;yt_privacy&quot;:&quot;yes&quot;,&quot;video_type&quot;:&quot;youtube&quot;,&quot;controls&quot;:&quot;yes&quot;}\" data-widget_type=\"video.default\">\n\t\t\t\t<div class=\"elementor-widget-container\">\n\t\t\t\t\t\t\t<div class=\"elementor-wrapper elementor-open-inline\">\n\t\t\t<div class=\"elementor-video\"><\/div>\t\t<\/div>\n\t\t\t\t\t\t<\/div>\n\t\t\t\t<\/div>\n\t\t\t\t\t<\/div>\n\t\t<\/div>\n\t\t\t\t\t<\/div>\n\t\t<\/section>\n\t\t\t\t<\/div>\n\t\t","protected":false},"excerpt":{"rendered":"<p>Impromucke Kyll\u00e4\u00e4 KannattaaAlle Finn:Innen wissen: Am Ende ein a zuviel. Aber das ist ehmt Kunstfreiheit! Kyll\u00e4\u00e4 Kannattaa = Es Lohnt Sich! Ins Leben gerufen anno 2006,\u00a0sch\u00f6pfte die Band einen Erlebensraum gemeinsamer Schwingungen, Reibungen, Momente, ja, bildete das Zentrum eines intersubjektiven Orga(ni)smus in der Brandung der Performance.\u00a0Nix verkopfter Free Jazz, der Geh\u00f6rg\u00e4nge \u00a0ver\u00f6det. Aus dem Leben [&hellip;]<\/p>\n","protected":false},"author":1,"featured_media":0,"parent":0,"menu_order":0,"comment_status":"closed","ping_status":"closed","template":"","meta":{"_lmt_disableupdate":"no","_lmt_disable":"","footnotes":""},"class_list":["post-1207","page","type-page","status-publish","hentry"],"blocksy_meta":{"styles_descriptor":{"styles":{"desktop":"","tablet":"","mobile":""},"google_fonts":[],"version":6}},"_links":{"self":[{"href":"https:\/\/www.wernersiebert.de\/index.php?rest_route=\/wp\/v2\/pages\/1207","targetHints":{"allow":["GET"]}}],"collection":[{"href":"https:\/\/www.wernersiebert.de\/index.php?rest_route=\/wp\/v2\/pages"}],"about":[{"href":"https:\/\/www.wernersiebert.de\/index.php?rest_route=\/wp\/v2\/types\/page"}],"author":[{"embeddable":true,"href":"https:\/\/www.wernersiebert.de\/index.php?rest_route=\/wp\/v2\/users\/1"}],"replies":[{"embeddable":true,"href":"https:\/\/www.wernersiebert.de\/index.php?rest_route=%2Fwp%2Fv2%2Fcomments&post=1207"}],"version-history":[{"count":91,"href":"https:\/\/www.wernersiebert.de\/index.php?rest_route=\/wp\/v2\/pages\/1207\/revisions"}],"predecessor-version":[{"id":1383,"href":"https:\/\/www.wernersiebert.de\/index.php?rest_route=\/wp\/v2\/pages\/1207\/revisions\/1383"}],"wp:attachment":[{"href":"https:\/\/www.wernersiebert.de\/index.php?rest_route=%2Fwp%2Fv2%2Fmedia&parent=1207"}],"curies":[{"name":"wp","href":"https:\/\/api.w.org\/{rel}","templated":true}]}}